{"id":3436,"date":"2019-07-30T16:11:54","date_gmt":"2019-07-30T19:11:54","guid":{"rendered":"http:\/\/sepacosaude.com.br\/home\/?page_id=3436"},"modified":"2019-08-26T15:57:27","modified_gmt":"2019-08-26T18:57:27","slug":"programas-da-promocao-a-saude","status":"publish","type":"page","link":"http:\/\/sepacosaude.com.br\/home\/programas-da-promocao-a-saude\/","title":{"rendered":"Programas da Promo\u00e7\u00e3o \u00e0 Sa\u00fade"},"content":{"rendered":"<p><img decoding=\"async\" src=\"http:\/\/sepacosaude.com.br\/home\/wp-content\/uploads\/elementor\/thumbs\/iStock-590594900-obk60zo5z7fp6nrz19wd3yrihiq7po4797ec8mz53c.jpg\" title=\"Pregnant woman\" alt=\"Pregnant woman cradling unborn child\" \/>\t\t\t\t\t\t\t\t\t\t\t<\/p>\n<h2>Curso de Orienta\u00e7\u00e3o \u00e0 Gestante<\/h2>\n<p style=\"color: #606062; font-family: Lato;\">A gesta\u00e7\u00e3o \u00e9 um evento com mudan\u00e7as de diversas ordens, uma experi\u00eancia repleta de sentimentos. A gravidez leva a uma readapta\u00e7\u00e3o dos mecanismos corporais, assim como a uma readapta\u00e7\u00e3o psicol\u00f3gica. Al\u00e9m disso, desde a vida intrauterina, \u00e9 muito importante que o relacionamento entre os pais e beb\u00eas seja constru\u00eddo e desenvolvido com muito amor.<\/p>\n<p style=\"color: #606062; font-family: Lato;\">A Promo\u00e7\u00e3o \u00e0 Sa\u00fade disp\u00f5e de uma proposta de trabalho, com equipe multidisciplinar, que re\u00fane palestras e atividades para as gestantes.<\/p>\n<p>\t\t\t<a href=\"http:\/\/www.sepaco.org.br\/curso-de-orientacao\" target=\"_blank\" role=\"button\" rel=\"noopener noreferrer\"><br \/>\n\t\t\t\t\t\tSaiba mais sobre o curso<br \/>\n\t\t\t\t\t<\/a><br \/>\n\t\t\t\t\t\t\t\t\t\t<img loading=\"lazy\" decoding=\"async\" width=\"1500\" height=\"1001\" src=\"http:\/\/sepacosaude.com.br\/home\/wp-content\/uploads\/2019\/07\/PerfilSaude.jpg\" alt=\"\" srcset=\"http:\/\/sepacosaude.com.br\/home\/wp-content\/uploads\/2019\/07\/PerfilSaude.jpg 1500w, http:\/\/sepacosaude.com.br\/home\/wp-content\/uploads\/2019\/07\/PerfilSaude-768x512.jpg 768w, http:\/\/sepacosaude.com.br\/home\/wp-content\/uploads\/2019\/07\/PerfilSaude-100x66.jpg 100w, http:\/\/sepacosaude.com.br\/home\/wp-content\/uploads\/2019\/07\/PerfilSaude-230x153.jpg 230w\" sizes=\"auto, (max-width: 1500px) 100vw, 1500px\" \/>\t\t\t\t\t\t\t\t\t\t\t<\/p>\n<h2>Perfil Sa\u00fade<\/h2>\n<p style=\"color: #606062; font-family: Lato;\">A realiza\u00e7\u00e3o do perfil ocorre com a aplica\u00e7\u00e3o de um question\u00e1rio de qualidade de vida, mensura\u00e7\u00e3o de glicemia, verifica\u00e7\u00e3o de press\u00e3o arterial, peso, altura, IMC e circunfer\u00eancia abdominal.<\/p>\n<p>Por meio dos dados coletados, a Promo\u00e7\u00e3o \u00c0 Sa\u00fade do Sepaco elabora um relat\u00f3rio com o panorama da situa\u00e7\u00e3o dos colaboradores.&nbsp;Na sequ\u00eancia, agenda uma reuni\u00e3o para propor a\u00e7\u00f5es de melhoria e\/ou preven\u00e7\u00e3o, baseadas na compila\u00e7\u00e3o dos resultados.<\/p>\n<p>\t\t\t\t\t\t\t\t\t\t<img loading=\"lazy\" decoding=\"async\" width=\"1500\" height=\"1000\" src=\"http:\/\/sepacosaude.com.br\/home\/wp-content\/uploads\/2019\/07\/Sipat.jpg\" alt=\"\" srcset=\"http:\/\/sepacosaude.com.br\/home\/wp-content\/uploads\/2019\/07\/Sipat.jpg 1500w, http:\/\/sepacosaude.com.br\/home\/wp-content\/uploads\/2019\/07\/Sipat-768x512.jpg 768w, http:\/\/sepacosaude.com.br\/home\/wp-content\/uploads\/2019\/07\/Sipat-100x66.jpg 100w, http:\/\/sepacosaude.com.br\/home\/wp-content\/uploads\/2019\/07\/Sipat-230x153.jpg 230w\" sizes=\"auto, (max-width: 1500px) 100vw, 1500px\" \/>\t\t\t\t\t\t\t\t\t\t\t<\/p>\n<h2>SIPAT<\/h2>\n<p style=\"color: #606062; font-family: Lato;\">A \u00a0equipe de Promo\u00e7\u00e3o \u00e0 Sa\u00fade participa das Sipats (Semana Interna de Preven\u00e7\u00e3o de Acidentes de Trabalho) nas empresas dos setores de Papel, Celulose, Pasta de Madeira, Papel\u00e3o Ondulado, Artefatos de papel e papel\u00e3o e corti\u00e7a, sempre que requisitado. Nos eventos, os profissionais do ramo da sa\u00fade apresentam palestras de forma din\u00e2mica e did\u00e1tica.<\/p>\n<p style=\"color: #606062; font-family: Lato;\">Al\u00e9m disso, s\u00e3o desenvolvidos temas de acordo com a programa\u00e7\u00e3o de cada campanha. Dentre as a\u00e7\u00f5es j\u00e1 trabalhadas est\u00e3o DST\/Aids, tabagismo, alcoolismo, diabetes, obesidade, qualidade de vida e estresse.<\/p>\n<p>\t\t\t\t\t\t\t\t\t\t<img loading=\"lazy\" decoding=\"async\" width=\"768\" height=\"693\" src=\"http:\/\/sepacosaude.com.br\/home\/wp-content\/uploads\/2019\/07\/AlimentacaoSaudavel-768x693.jpg\" alt=\"\" srcset=\"http:\/\/sepacosaude.com.br\/home\/wp-content\/uploads\/2019\/07\/AlimentacaoSaudavel-768x693.jpg 768w, http:\/\/sepacosaude.com.br\/home\/wp-content\/uploads\/2019\/07\/AlimentacaoSaudavel-100x90.jpg 100w, http:\/\/sepacosaude.com.br\/home\/wp-content\/uploads\/2019\/07\/AlimentacaoSaudavel-230x207.jpg 230w, http:\/\/sepacosaude.com.br\/home\/wp-content\/uploads\/2019\/07\/AlimentacaoSaudavel.jpg 1500w\" sizes=\"auto, (max-width: 768px) 100vw, 768px\" \/>\t\t\t\t\t\t\t\t\t\t\t<\/p>\n<h2>Reeduca\u00e7\u00e3o Alimentar<\/h2>\n<p style=\"color: #606062; font-family: Lato;\">A meta do programa \u00e9 a apropria\u00e7\u00e3o, pelo usu\u00e1rio com h\u00e1bito alimentar inadequado, do seu pr\u00f3prio corpo, do autocuidado, do resgate da sua autoestima e do controle das doen\u00e7as.<\/p>\n<p style=\"color: #606062; font-family: Lato;\">O Sepaco Autogest\u00e3o, por meio de sua \u00e1rea de \u00a0Promo\u00e7\u00e3o \u00e0 Sa\u00fade, realiza aos colaboradores dos setores de Papel, Celulose, Pasta de Madeira, Papel\u00e3o Ondulado, Artefatos de papel e papel\u00e3o e corti\u00e7a \u00a0um trabalho em grupo a cada quinze dias.<\/p>\n<p style=\"color: #606062; font-family: Lato;\">Nestes encontros, s\u00e3o repassadas, de forma motivacional, informa\u00e7\u00f5es e orienta\u00e7\u00f5es quanto \u00e0s pr\u00e1ticas alimentares atuais dos trabalhadores e poss\u00edveis mudan\u00e7as de h\u00e1bito. O programa re\u00fane um total s\u00e3o 6 encontros, com dura\u00e7\u00e3o m\u00e9dia de 50 minutos cada.<\/p>\n<p>\t\t\t\t\t\t\t\t\t\t<img loading=\"lazy\" decoding=\"async\" width=\"1500\" height=\"997\" src=\"http:\/\/sepacosaude.com.br\/home\/wp-content\/uploads\/2019\/07\/Tabagismo.jpg\" alt=\"\" srcset=\"http:\/\/sepacosaude.com.br\/home\/wp-content\/uploads\/2019\/07\/Tabagismo.jpg 1500w, http:\/\/sepacosaude.com.br\/home\/wp-content\/uploads\/2019\/07\/Tabagismo-768x510.jpg 768w, http:\/\/sepacosaude.com.br\/home\/wp-content\/uploads\/2019\/07\/Tabagismo-100x66.jpg 100w, http:\/\/sepacosaude.com.br\/home\/wp-content\/uploads\/2019\/07\/Tabagismo-230x152.jpg 230w\" sizes=\"auto, (max-width: 1500px) 100vw, 1500px\" \/>\t\t\t\t\t\t\t\t\t\t\t<\/p>\n<h2>Combate ao Tabagismo<\/h2>\n<p style=\"color: #606062; font-family: Lato;\">O tabagismo \u00e9 uma pandemia respons\u00e1vel pela segunda causa principal de morte no mundo, sendo fator de risco para mais de 50 doen\u00e7as relacionadas ao tabaco.<\/p>\n<p style=\"color: #606062; font-family: Lato;\">\u00c9 necess\u00e1rio entender que a depend\u00eancia \u00e0 nicotina \u00e9 uma doen\u00e7a cr\u00f4nica e que a reca\u00edda faz parte do processo.<br \/>Muitos fumantes tentam parar cerca de sete vezes at\u00e9 obterem o resultado desejado.<\/p>\n<p>Por isso, a equipe de Promo\u00e7\u00e3o \u00e0 Sa\u00fade promove aos trabalhadores, um trabalho de terapia grupal, sob orienta\u00e7\u00e3o de psic\u00f3logos. Estes encontros duram quatro meses e s\u00e3o realizados a cada quinzena, por cerca de 50 minutos cada.<\/p>\n<p>\t\t\t\t\t\t\t\t\t\t<img loading=\"lazy\" decoding=\"async\" width=\"1500\" height=\"1000\" src=\"http:\/\/sepacosaude.com.br\/home\/wp-content\/uploads\/2019\/07\/Esporte.jpg\" alt=\"\" srcset=\"http:\/\/sepacosaude.com.br\/home\/wp-content\/uploads\/2019\/07\/Esporte.jpg 1500w, http:\/\/sepacosaude.com.br\/home\/wp-content\/uploads\/2019\/07\/Esporte-768x512.jpg 768w, http:\/\/sepacosaude.com.br\/home\/wp-content\/uploads\/2019\/07\/Esporte-100x66.jpg 100w, http:\/\/sepacosaude.com.br\/home\/wp-content\/uploads\/2019\/07\/Esporte-230x153.jpg 230w\" sizes=\"auto, (max-width: 1500px) 100vw, 1500px\" \/>\t\t\t\t\t\t\t\t\t\t\t<\/p>\n<h2>Combate ao Sedentarismo<\/h2>\n<p style=\"color: #606062; font-family: Lato;\">O sedentarismo \u00e9 um dos fatores de risco intimamente relacionado com o aparecimento de doen\u00e7as como hipertens\u00e3o, respirat\u00f3ria cr\u00f4nica e dist\u00farbio card\u00edaco. Pesquisas mostram que o risco de um indiv\u00edduo ter uma doen\u00e7a cardiovascular aumenta uma vez e meia naqueles que n\u00e3o t\u00eam uma vida ativa.<\/p>\n<p style=\"color: #606062; font-family: Lato;\">A equipe de Promo\u00e7\u00e3o \u00e0 Sa\u00fade estimula a pr\u00e1tica de esportes, como caminhadas e corridas, realizadas em grupos, sob orienta\u00e7\u00e3o de educadores f\u00edsicos.<\/p>\n<!-- AddThis Advanced Settings generic via filter on the_content --><!-- AddThis Share Buttons generic via filter on the_content -->","protected":false},"excerpt":{"rendered":"<p>Curso de Orienta\u00e7\u00e3o \u00e0 Gestante A gesta\u00e7\u00e3o \u00e9 um evento com mudan\u00e7as de diversas ordens, uma experi\u00eancia repleta de sentimentos. A gravidez leva a uma readapta\u00e7\u00e3o dos mecanismos corporais, assim como a uma readapta\u00e7\u00e3o psicol\u00f3gica. Al\u00e9m disso, desde a vida intrauterina, \u00e9 muito importante que o relacionamento entre os pais e beb\u00eas seja constru\u00eddo e desenvolvido com muito amor. A Promo\u00e7\u00e3o \u00e0 Sa\u00fade disp\u00f5e de uma proposta de trabalho, com equipe multidisciplinar, que re\u00fane palestras e atividades para as gestantes. Saiba mais sobre o curso Perfil Sa\u00fade A realiza\u00e7\u00e3o do perfil ocorre com a aplica\u00e7\u00e3o de um question\u00e1rio de qualidade de vida, mensura\u00e7\u00e3o de glicemia, verifica\u00e7\u00e3o de press\u00e3o arterial, peso, altura, IMC e circunfer\u00eancia abdominal. Por meio dos dados coletados, a Promo\u00e7\u00e3o \u00c0 Sa\u00fade do Sepaco elabora um relat\u00f3rio com o panorama da situa\u00e7\u00e3o dos colaboradores.&nbsp;Na sequ\u00eancia, agenda uma reuni\u00e3o para propor a\u00e7\u00f5es de melhoria e\/ou preven\u00e7\u00e3o, baseadas na compila\u00e7\u00e3o dos resultados. SIPAT A \u00a0equipe de Promo\u00e7\u00e3o \u00e0 Sa\u00fade participa das Sipats (Semana Interna de Preven\u00e7\u00e3o de Acidentes de Trabalho) nas empresas dos setores de Papel, Celulose, Pasta de Madeira, Papel\u00e3o Ondulado, Artefatos de papel e papel\u00e3o e corti\u00e7a, sempre que requisitado. Nos eventos, os profissionais do ramo da sa\u00fade apresentam palestras de forma din\u00e2mica e did\u00e1tica. Al\u00e9m disso, s\u00e3o desenvolvidos temas de acordo com a programa\u00e7\u00e3o de cada campanha. Dentre as a\u00e7\u00f5es j\u00e1 trabalhadas est\u00e3o DST\/Aids, tabagismo, alcoolismo, diabetes, obesidade, qualidade de vida e estresse. Reeduca\u00e7\u00e3o Alimentar A meta do programa \u00e9 a apropria\u00e7\u00e3o, pelo usu\u00e1rio com h\u00e1bito alimentar inadequado, do seu pr\u00f3prio corpo, do autocuidado, do resgate da sua autoestima e do controle das doen\u00e7as. O Sepaco Autogest\u00e3o, por meio de sua \u00e1rea de \u00a0Promo\u00e7\u00e3o \u00e0 Sa\u00fade, realiza aos colaboradores dos setores de Papel, Celulose, Pasta de Madeira, Papel\u00e3o Ondulado, Artefatos de papel e papel\u00e3o e corti\u00e7a \u00a0um trabalho em grupo a cada quinze dias. Nestes encontros, s\u00e3o repassadas, de forma motivacional, informa\u00e7\u00f5es e orienta\u00e7\u00f5es quanto \u00e0s pr\u00e1ticas alimentares atuais dos trabalhadores e poss\u00edveis mudan\u00e7as de h\u00e1bito. O programa re\u00fane um total s\u00e3o 6 encontros, com dura\u00e7\u00e3o m\u00e9dia de 50 minutos cada. Combate ao Tabagismo O tabagismo \u00e9 uma pandemia respons\u00e1vel pela segunda causa principal de morte no mundo, sendo fator de risco para mais de 50 doen\u00e7as relacionadas ao tabaco. \u00c9 necess\u00e1rio entender que a depend\u00eancia \u00e0 nicotina \u00e9 uma doen\u00e7a cr\u00f4nica e que a reca\u00edda faz parte do processo.Muitos fumantes tentam parar cerca de sete vezes at\u00e9 obterem o resultado desejado. Por isso, a equipe de Promo\u00e7\u00e3o \u00e0 Sa\u00fade promove aos trabalhadores, um trabalho de terapia grupal, sob orienta\u00e7\u00e3o de psic\u00f3logos. Estes encontros duram quatro meses e s\u00e3o realizados a cada quinzena, por cerca de 50 minutos cada. Combate ao Sedentarismo O sedentarismo \u00e9 um dos fatores de risco intimamente relacionado com o aparecimento de doen\u00e7as como hipertens\u00e3o, respirat\u00f3ria cr\u00f4nica e dist\u00farbio card\u00edaco. Pesquisas mostram que o risco de um indiv\u00edduo ter uma doen\u00e7a cardiovascular aumenta uma vez e meia naqueles que n\u00e3o t\u00eam uma vida ativa. A equipe de Promo\u00e7\u00e3o \u00e0 Sa\u00fade estimula a pr\u00e1tica de esportes, como caminhadas e corridas, realizadas em grupos, sob orienta\u00e7\u00e3o de educadores f\u00edsicos.<!-- AddThis Advanced Settings generic via filter on get_the_excerpt --><!-- AddThis Share Buttons generic via filter on get_the_excerpt --><\/p>\n","protected":false},"author":1,"featured_media":0,"parent":0,"menu_order":0,"comment_status":"closed","ping_status":"closed","template":"","meta":{"advgb_blocks_editor_width":"","advgb_blocks_columns_visual_guide":"","ub_ctt_via":"","_mi_skip_tracking":false,"footnotes":""},"class_list":["post-3436","page","type-page","status-publish","hentry"],"featured_image_src":null,"coauthors":[],"author_meta":{"author_link":"http:\/\/sepacosaude.com.br\/home\/author\/master\/","display_name":"master"},"relative_dates":{"created":"Posted 7 anos ago","modified":"Updated 7 anos ago"},"absolute_dates":{"created":"Posted on julho de 2019","modified":"Updated on agosto de 2019"},"absolute_dates_time":{"created":"Posted on julho de 2019 16:11","modified":"Updated on agosto de 2019 15:57"},"featured_img_caption":"","featured_img":false,"featured_image_src_square":null,"_links":{"self":[{"href":"http:\/\/sepacosaude.com.br\/home\/wp-json\/wp\/v2\/pages\/3436","targetHints":{"allow":["GET"]}}],"collection":[{"href":"http:\/\/sepacosaude.com.br\/home\/wp-json\/wp\/v2\/pages"}],"about":[{"href":"http:\/\/sepacosaude.com.br\/home\/wp-json\/wp\/v2\/types\/page"}],"author":[{"embeddable":true,"href":"http:\/\/sepacosaude.com.br\/home\/wp-json\/wp\/v2\/users\/1"}],"replies":[{"embeddable":true,"href":"http:\/\/sepacosaude.com.br\/home\/wp-json\/wp\/v2\/comments?post=3436"}],"version-history":[{"count":9,"href":"http:\/\/sepacosaude.com.br\/home\/wp-json\/wp\/v2\/pages\/3436\/revisions"}],"predecessor-version":[{"id":3569,"href":"http:\/\/sepacosaude.com.br\/home\/wp-json\/wp\/v2\/pages\/3436\/revisions\/3569"}],"wp:attachment":[{"href":"http:\/\/sepacosaude.com.br\/home\/wp-json\/wp\/v2\/media?parent=3436"}],"curies":[{"name":"wp","href":"https:\/\/api.w.org\/{rel}","templated":true}]}}